{"id":50,"date":"2013-04-27T08:31:53","date_gmt":"2013-04-27T06:31:53","guid":{"rendered":"http:\/\/www.gospelchor-klangfarben.de\/?page_id=50"},"modified":"2013-05-02T23:13:01","modified_gmt":"2013-05-02T21:13:01","slug":"dankeschon-achim","status":"publish","type":"page","link":"https:\/\/www.gospelchor-klangfarben.de\/?page_id=50","title":{"rendered":"\u201eDankesch\u00f6n Achim\u201c"},"content":{"rendered":"<p>\u00dcber viele Jahre hast Du Dich m\u00fchevoll als Webmaster um unsere Internetseite gek\u00fcmmert \u2013 ja, sie \u00fcberhaupt erst einmal ins Leben gerufen.<\/p>\n<p>Nun hast Du dienstlich so reichlich \u201eum die Ohren\u201c, dass Du diese Aufgabe abgegeben hast.<\/p>\n<p>Lieber Achim, wir danken Dir ganz herzlich f\u00fcr Deine Arbeit und Deine Idee\u2026..und sch\u00f6n ist es, dass Du weiterhin als Achim dem Chor erhalten bleibst.<\/p>\n<p>Nun hat Oliver Theobald die Pflege unserer Internetseite \u00fcbernommen. Sie erstrahlt in neuem Glanz und wir freuen uns auf die Zusammenarbeit.<\/p>\n<p>Herzlich willkommen lieber Oliver und vielen Dank, dass Du diese Aufgabe \u00fcbernimmst.<\/p>\n<blockquote><p>Petra Zupp<\/p><\/blockquote>\n","protected":false},"excerpt":{"rendered":"<p>\u00dcber viele Jahre hast Du Dich m\u00fchevoll als Webmaster um unsere Internetseite gek\u00fcmmert \u2013 ja, sie \u00fcberhaupt erst einmal ins Leben gerufen. Nun hast Du dienstlich so reichlich \u201eum die Ohren\u201c, dass Du diese Aufgabe abgegeben hast. Lieber Achim, wir <a class=\"more-link\" href=\"https:\/\/www.gospelchor-klangfarben.de\/?page_id=50\"><span class=\"screen-reader-text\">  \u201eDankesch\u00f6n Achim\u201c<\/span> weiterlesen<span class=\"meta-nav\">&rarr;<\/span><\/a><\/p>\n","protected":false},"author":1,"featured_media":0,"parent":0,"menu_order":30,"comment_status":"open","ping_status":"open","template":"","meta":{"ngg_post_thumbnail":0,"footnotes":""},"class_list":["post-50","page","type-page","status-publish","hentry"],"_links":{"self":[{"href":"https:\/\/www.gospelchor-klangfarben.de\/index.php?rest_route=\/wp\/v2\/pages\/50","targetHints":{"allow":["GET"]}}],"collection":[{"href":"https:\/\/www.gospelchor-klangfarben.de\/index.php?rest_route=\/wp\/v2\/pages"}],"about":[{"href":"https:\/\/www.gospelchor-klangfarben.de\/index.php?rest_route=\/wp\/v2\/types\/page"}],"author":[{"embeddable":true,"href":"https:\/\/www.gospelchor-klangfarben.de\/index.php?rest_route=\/wp\/v2\/users\/1"}],"replies":[{"embeddable":true,"href":"https:\/\/www.gospelchor-klangfarben.de\/index.php?rest_route=%2Fwp%2Fv2%2Fcomments&post=50"}],"version-history":[{"count":12,"href":"https:\/\/www.gospelchor-klangfarben.de\/index.php?rest_route=\/wp\/v2\/pages\/50\/revisions"}],"predecessor-version":[{"id":209,"href":"https:\/\/www.gospelchor-klangfarben.de\/index.php?rest_route=\/wp\/v2\/pages\/50\/revisions\/209"}],"wp:attachment":[{"href":"https:\/\/www.gospelchor-klangfarben.de\/index.php?rest_route=%2Fwp%2Fv2%2Fmedia&parent=50"}],"curies":[{"name":"wp","href":"https:\/\/api.w.org\/{rel}","templated":true}]}}